{"id":1213,"date":"2021-11-16T10:58:49","date_gmt":"2021-11-16T10:58:49","guid":{"rendered":"https:\/\/jf-carvoeira.pt\/pt\/?page_id=1213"},"modified":"2025-09-10T09:07:25","modified_gmt":"2025-09-10T09:07:25","slug":"editais-e-avisos","status":"publish","type":"page","link":"https:\/\/jf-carvoeira.pt\/pt\/editais-e-avisos\/","title":{"rendered":"Editais e Avisos"},"content":{"rendered":"\t\t<div data-elementor-type=\"wp-page\" data-elementor-id=\"1213\" class=\"elementor elementor-1213\">\n\t\t\t\t\t\t<section class=\"elementor-section elementor-top-section elementor-element elementor-element-4ef5d6e4 elementor-section-content-middle elementor-section-boxed elementor-section-height-default elementor-section-height-default\" data-id=\"4ef5d6e4\" data-element_type=\"section\">\n\t\t\t\t\t\t<div class=\"elementor-container elementor-column-gap-no\">\n\t\t\t\t\t<div class=\"elementor-column elementor-col-50 elementor-top-column elementor-element elementor-element-1edf9d14\" data-id=\"1edf9d14\" data-element_type=\"column\">\n\t\t\t<div class=\"elementor-widget-wrap elementor-element-populated\">\n\t\t\t\t\t\t<div class=\"elementor-element elementor-element-4b050537 elementor-widget-divider--view-line elementor-widget elementor-widget-divider\" data-id=\"4b050537\" data-element_type=\"widget\" data-widget_type=\"divider.default\">\n\t\t\t\t<div class=\"elementor-widget-container\">\n\t\t\t\t\t\t\t<div class=\"elementor-divider\">\n\t\t\t<span class=\"elementor-divider-separator\">\n\t\t\t\t\t\t<\/span>\n\t\t<\/div>\n\t\t\t\t\t\t<\/div>\n\t\t\t\t<\/div>\n\t\t\t\t<div class=\"elementor-element elementor-element-a3c87b6 elementor-widget elementor-widget-heading\" data-id=\"a3c87b6\" data-element_type=\"widget\" data-widget_type=\"heading.default\">\n\t\t\t\t<div class=\"elementor-widget-container\">\n\t\t\t\t\t<h2 class=\"elementor-heading-title elementor-size-default\">EDITAIS E AVISOS<\/h2>\t\t\t\t<\/div>\n\t\t\t\t<\/div>\n\t\t\t\t<div class=\"elementor-element elementor-element-57a58e0 elementor-widget elementor-widget-spacer\" data-id=\"57a58e0\" data-element_type=\"widget\" data-widget_type=\"spacer.default\">\n\t\t\t\t<div class=\"elementor-widget-container\">\n\t\t\t\t\t\t\t<div class=\"elementor-spacer\">\n\t\t\t<div class=\"elementor-spacer-inner\"><\/div>\n\t\t<\/div>\n\t\t\t\t\t\t<\/div>\n\t\t\t\t<\/div>\n\t\t\t\t\t<\/div>\n\t\t<\/div>\n\t\t\t\t<div class=\"elementor-column elementor-col-50 elementor-top-column elementor-element elementor-element-3f064280\" data-id=\"3f064280\" data-element_type=\"column\">\n\t\t\t<div class=\"elementor-widget-wrap elementor-element-populated\">\n\t\t\t\t\t\t<div class=\"elementor-element elementor-element-c4646e6 elementor-widget elementor-widget-toggle\" data-id=\"c4646e6\" data-element_type=\"widget\" data-widget_type=\"toggle.default\">\n\t\t\t\t<div class=\"elementor-widget-container\">\n\t\t\t\t\t\t\t<div class=\"elementor-toggle\">\n\t\t\t\t\t\t\t<div class=\"elementor-toggle-item\">\n\t\t\t\t\t<div id=\"elementor-tab-title-2051\" class=\"elementor-tab-title\" data-tab=\"1\" role=\"button\" aria-controls=\"elementor-tab-content-2051\" aria-expanded=\"false\">\n\t\t\t\t\t\t\t\t\t\t\t\t<span class=\"elementor-toggle-icon elementor-toggle-icon-left\" aria-hidden=\"true\">\n\t\t\t\t\t\t\t\t\t\t\t\t\t\t\t<span class=\"elementor-toggle-icon-closed\"><i class=\"fas fa-caret-right\"><\/i><\/span>\n\t\t\t\t\t\t\t\t<span class=\"elementor-toggle-icon-opened\"><i class=\"elementor-toggle-icon-opened fas fa-caret-up\"><\/i><\/span>\n\t\t\t\t\t\t\t\t\t\t\t\t\t<\/span>\n\t\t\t\t\t\t\t\t\t\t\t\t<a class=\"elementor-toggle-title\" tabindex=\"0\">Reuni\u00e3o de Delegados para Designa\u00e7\u00e3o dos Membros das Mesas Eleitorais<\/a>\n\t\t\t\t\t<\/div>\n\n\t\t\t\t\t<div id=\"elementor-tab-content-2051\" class=\"elementor-tab-content elementor-clearfix\" data-tab=\"1\" role=\"region\" aria-labelledby=\"elementor-tab-title-2051\"><p><strong>Edital<\/strong><\/p><p>Andreia Filipa Louren\u00e7o Duarte, Presidente da Junta de Freguesia da Carvoeira, convoca os Delegados dos partidos pol\u00edticos\/delega\u00e7\u00f5es concorrentes para nos termos do n.\u00ba1 do art.\u00ba77 da Lei n.\u00ba01\/2001, de 154 de agosto, na reda\u00e7\u00e3o atual, procederem \u00c0 escolha dos membros das assembleias ou sec\u00e7\u00f5es de voto em reuni\u00e3o que ter\u00e1 in\u00edcio \u00e0s 21h00 do dia 22\/09\/2025, na sede da Junta de Freguesia.<\/p><\/div>\n\t\t\t\t<\/div>\n\t\t\t\t\t\t\t<div class=\"elementor-toggle-item\">\n\t\t\t\t\t<div id=\"elementor-tab-title-2052\" class=\"elementor-tab-title\" data-tab=\"2\" role=\"button\" aria-controls=\"elementor-tab-content-2052\" aria-expanded=\"false\">\n\t\t\t\t\t\t\t\t\t\t\t\t<span class=\"elementor-toggle-icon elementor-toggle-icon-left\" aria-hidden=\"true\">\n\t\t\t\t\t\t\t\t\t\t\t\t\t\t\t<span class=\"elementor-toggle-icon-closed\"><i class=\"fas fa-caret-right\"><\/i><\/span>\n\t\t\t\t\t\t\t\t<span class=\"elementor-toggle-icon-opened\"><i class=\"elementor-toggle-icon-opened fas fa-caret-up\"><\/i><\/span>\n\t\t\t\t\t\t\t\t\t\t\t\t\t<\/span>\n\t\t\t\t\t\t\t\t\t\t\t\t<a class=\"elementor-toggle-title\" tabindex=\"0\">Abertura de procedimento concursal para ocupa\u00e7\u00e3o de um posto de trabalho da carreira\/ categoria de assistente operacional<\/a>\n\t\t\t\t\t<\/div>\n\n\t\t\t\t\t<div id=\"elementor-tab-content-2052\" class=\"elementor-tab-content elementor-clearfix\" data-tab=\"2\" role=\"region\" aria-labelledby=\"elementor-tab-title-2052\"><p><strong>Aviso n.\u00ba 7338\/2024\/2<\/strong><\/p><p>Procedimento concursal para o preenchimento um posto de trabalho da carreira\/categoria de Assistente Operacional,<br \/>conforme caracteriza\u00e7\u00e3o no mapa de pessoal e disposi\u00e7\u00e3o legal<\/p><p><a href=\"https:\/\/jf-carvoeira.pt\/pt\/aviso-no7338-2024\/\">Saber mais aqui<\/a><\/p><\/div>\n\t\t\t\t<\/div>\n\t\t\t\t\t\t\t<div class=\"elementor-toggle-item\">\n\t\t\t\t\t<div id=\"elementor-tab-title-2053\" class=\"elementor-tab-title\" data-tab=\"3\" role=\"button\" aria-controls=\"elementor-tab-content-2053\" aria-expanded=\"false\">\n\t\t\t\t\t\t\t\t\t\t\t\t<span class=\"elementor-toggle-icon elementor-toggle-icon-left\" aria-hidden=\"true\">\n\t\t\t\t\t\t\t\t\t\t\t\t\t\t\t<span class=\"elementor-toggle-icon-closed\"><i class=\"fas fa-caret-right\"><\/i><\/span>\n\t\t\t\t\t\t\t\t<span class=\"elementor-toggle-icon-opened\"><i class=\"elementor-toggle-icon-opened fas fa-caret-up\"><\/i><\/span>\n\t\t\t\t\t\t\t\t\t\t\t\t\t<\/span>\n\t\t\t\t\t\t\t\t\t\t\t\t<a class=\"elementor-toggle-title\" tabindex=\"0\">Reuni\u00e3o de Delegados para Designa\u00e7\u00e3o dos Membros das Mesas Eleitorais<\/a>\n\t\t\t\t\t<\/div>\n\n\t\t\t\t\t<div id=\"elementor-tab-content-2053\" class=\"elementor-tab-content elementor-clearfix\" data-tab=\"3\" role=\"region\" aria-labelledby=\"elementor-tab-title-2053\"><p><strong>ELEI\u00c7\u00d5ES LEGISLATIVAS 2024<\/strong><\/p><p><strong>Reuni\u00e3o de Delegados para Designa\u00e7\u00e3o dos Membros das Mesas Eleitorais<\/strong><\/p><p>Andreia Filipa Louren\u00e7o Duarte, Presidente da Junta de Freguesia da Carvoeira, convoca os Delegados dos partidos \/ coliga\u00e7\u00f5es concorrentes para nos termos do n\u00ba1 do art\u00ba 47 da Lei n\u00ba14\/79, de 16 de maio, procederem \u00e0 escolha dos membros das assembleias ou sec\u00e7\u00f5es de voto em reuni\u00e3o que ter\u00e1 in\u00edcio \u00e0s 21h00 do dia 15\/02\/2024 na sede da Junta de Freguesia.<\/p><p>Edital publicado nesta p\u00e1gina em 13 de Fevereiro de 2024<\/p><\/div>\n\t\t\t\t<\/div>\n\t\t\t\t\t\t\t<div class=\"elementor-toggle-item\">\n\t\t\t\t\t<div id=\"elementor-tab-title-2054\" class=\"elementor-tab-title\" data-tab=\"4\" role=\"button\" aria-controls=\"elementor-tab-content-2054\" aria-expanded=\"false\">\n\t\t\t\t\t\t\t\t\t\t\t\t<span class=\"elementor-toggle-icon elementor-toggle-icon-left\" aria-hidden=\"true\">\n\t\t\t\t\t\t\t\t\t\t\t\t\t\t\t<span class=\"elementor-toggle-icon-closed\"><i class=\"fas fa-caret-right\"><\/i><\/span>\n\t\t\t\t\t\t\t\t<span class=\"elementor-toggle-icon-opened\"><i class=\"elementor-toggle-icon-opened fas fa-caret-up\"><\/i><\/span>\n\t\t\t\t\t\t\t\t\t\t\t\t\t<\/span>\n\t\t\t\t\t\t\t\t\t\t\t\t<a class=\"elementor-toggle-title\" tabindex=\"0\">Atualiza\u00e7\u00e3o da zona demarcada para \"Trioza Erytreae\"<\/a>\n\t\t\t\t\t<\/div>\n\n\t\t\t\t\t<div id=\"elementor-tab-content-2054\" class=\"elementor-tab-content elementor-clearfix\" data-tab=\"4\" role=\"region\" aria-labelledby=\"elementor-tab-title-2054\"><p><a href=\"https:\/\/jf-carvoeira.pt\/pt\/apoio\/ficheiros\/despacho-53-2021.pdf\" target=\"_blank\" rel=\"noopener\">Despacho n\u00ba53 \/ G \/ 2021<\/a> da Dire\u00e7\u00e3o\u00a0Regional de Agricultura e Pescas de Lisboa e Vale do Tejo<\/p><\/div>\n\t\t\t\t<\/div>\n\t\t\t\t\t\t\t<div class=\"elementor-toggle-item\">\n\t\t\t\t\t<div id=\"elementor-tab-title-2055\" class=\"elementor-tab-title\" data-tab=\"5\" role=\"button\" aria-controls=\"elementor-tab-content-2055\" aria-expanded=\"false\">\n\t\t\t\t\t\t\t\t\t\t\t\t<span class=\"elementor-toggle-icon elementor-toggle-icon-left\" aria-hidden=\"true\">\n\t\t\t\t\t\t\t\t\t\t\t\t\t\t\t<span class=\"elementor-toggle-icon-closed\"><i class=\"fas fa-caret-right\"><\/i><\/span>\n\t\t\t\t\t\t\t\t<span class=\"elementor-toggle-icon-opened\"><i class=\"elementor-toggle-icon-opened fas fa-caret-up\"><\/i><\/span>\n\t\t\t\t\t\t\t\t\t\t\t\t\t<\/span>\n\t\t\t\t\t\t\t\t\t\t\t\t<a class=\"elementor-toggle-title\" tabindex=\"0\">Atualiza\u00e7\u00e3o da zona demarcada para \"Trioza Erytreae\"<\/a>\n\t\t\t\t\t<\/div>\n\n\t\t\t\t\t<div id=\"elementor-tab-content-2055\" class=\"elementor-tab-content elementor-clearfix\" data-tab=\"5\" role=\"region\" aria-labelledby=\"elementor-tab-title-2055\"><p><a href=\"https:\/\/jf-carvoeira.pt\/pt\/apoio\/ficheiros\/despacho-53-2021.pdf\" target=\"_blank\" rel=\"noopener\">Despacho n\u00ba53 \/ G \/ 2021<\/a> da Dire\u00e7\u00e3o\u00a0Regional de Agricultura e Pescas de Lisboa e Vale do Tejo<\/p><\/div>\n\t\t\t\t<\/div>\n\t\t\t\t\t\t\t<div class=\"elementor-toggle-item\">\n\t\t\t\t\t<div id=\"elementor-tab-title-2056\" class=\"elementor-tab-title\" data-tab=\"6\" role=\"button\" aria-controls=\"elementor-tab-content-2056\" aria-expanded=\"false\">\n\t\t\t\t\t\t\t\t\t\t\t\t<span class=\"elementor-toggle-icon elementor-toggle-icon-left\" aria-hidden=\"true\">\n\t\t\t\t\t\t\t\t\t\t\t\t\t\t\t<span class=\"elementor-toggle-icon-closed\"><i class=\"fas fa-caret-right\"><\/i><\/span>\n\t\t\t\t\t\t\t\t<span class=\"elementor-toggle-icon-opened\"><i class=\"elementor-toggle-icon-opened fas fa-caret-up\"><\/i><\/span>\n\t\t\t\t\t\t\t\t\t\t\t\t\t<\/span>\n\t\t\t\t\t\t\t\t\t\t\t\t<a class=\"elementor-toggle-title\" tabindex=\"0\">Convocat\u00f3ria para Sess\u00e3o Ordin\u00e1ria da Assembleia Municipal  - 14 Dezembro 2021<\/a>\n\t\t\t\t\t<\/div>\n\n\t\t\t\t\t<div id=\"elementor-tab-content-2056\" class=\"elementor-tab-content elementor-clearfix\" data-tab=\"6\" role=\"region\" aria-labelledby=\"elementor-tab-title-2056\"><p>Convocat\u00f3ria para a Segunda Sess\u00e3o Ordin\u00e1ria da Assembleia de Freguesia de Mafra no mandato 2021-2025 a realizar no dia 14 de dezembro de 2021, pelas 20h00, no edif\u00edcio sede do Grupo Associativo de Fonte Boa da Brincosa e Lapa da Serra &#8211; Rua da Pateira, Largo da Sede, 1 &#8211; Fonte Boa da Brincosa.<\/p><p><a href=\"https:\/\/jf-carvoeira.pt\/pt\/apoio\/ficheiros\/edital-14-assembleia-municipal.pdf\" target=\"_blank\" rel=\"noopener\">Consultar Edital n\u00ba 14 \/ 2021<\/a><\/p><\/div>\n\t\t\t\t<\/div>\n\t\t\t\t\t\t\t<div class=\"elementor-toggle-item\">\n\t\t\t\t\t<div id=\"elementor-tab-title-2057\" class=\"elementor-tab-title\" data-tab=\"7\" role=\"button\" aria-controls=\"elementor-tab-content-2057\" aria-expanded=\"false\">\n\t\t\t\t\t\t\t\t\t\t\t\t<span class=\"elementor-toggle-icon elementor-toggle-icon-left\" aria-hidden=\"true\">\n\t\t\t\t\t\t\t\t\t\t\t\t\t\t\t<span class=\"elementor-toggle-icon-closed\"><i class=\"fas fa-caret-right\"><\/i><\/span>\n\t\t\t\t\t\t\t\t<span class=\"elementor-toggle-icon-opened\"><i class=\"elementor-toggle-icon-opened fas fa-caret-up\"><\/i><\/span>\n\t\t\t\t\t\t\t\t\t\t\t\t\t<\/span>\n\t\t\t\t\t\t\t\t\t\t\t\t<a class=\"elementor-toggle-title\" tabindex=\"0\">Comunicado 10\/2021 - Coronav\u00edrus COVID-19<\/a>\n\t\t\t\t\t<\/div>\n\n\t\t\t\t\t<div id=\"elementor-tab-content-2057\" class=\"elementor-tab-content elementor-clearfix\" data-tab=\"7\" role=\"region\" aria-labelledby=\"elementor-tab-title-2057\"><p>O Munic\u00edpio de Mafra determinou, ouvida a Autoridade de Sa\u00fade<br \/>territorialmente competente e como medida preventiva, a <strong>suspens\u00e3o dos<\/strong><br \/><strong>eventos culturais municipais e do funcionamento dos n\u00facleos<\/strong><br \/><strong>desportivos municipais, nos referidos dias 2 a 9 de janeiro de 2022,<\/strong><br \/><strong>inclusive.<\/strong><\/p><p>Ler <a href=\"https:\/\/jf-carvoeira.pt\/pt\/apoio\/ficheiros\/comunicado-10-2021.pdf\" target=\"_blank\" rel=\"noopener\">Comunicado 10\/2021<\/a><\/p><\/div>\n\t\t\t\t<\/div>\n\t\t\t\t\t\t\t\t<\/div>\n\t\t\t\t\t\t<\/div>\n\t\t\t\t<\/div>\n\t\t\t\t\t<\/div>\n\t\t<\/div>\n\t\t\t\t\t<\/div>\n\t\t<\/section>\n\t\t\t\t<\/div>\n\t\t","protected":false},"excerpt":{"rendered":"<p>EDITAIS E AVISOS Reuni\u00e3o de Delegados para Designa\u00e7\u00e3o dos Membros das Mesas Eleitorais Edital Andreia Filipa Louren\u00e7o Duarte, Presidente da Junta de Freguesia da Carvoeira, convoca os Delegados dos partidos pol\u00edticos\/delega\u00e7\u00f5es concorrentes para nos termos do n.\u00ba1 do art.\u00ba77 da Lei n.\u00ba01\/2001, de 154 de agosto, na reda\u00e7\u00e3o atual, procederem \u00c0 escolha dos membros das assembleias ou sec\u00e7\u00f5es de voto [&hellip;]<\/p>\n","protected":false},"author":1,"featured_media":0,"parent":0,"menu_order":0,"comment_status":"closed","ping_status":"closed","template":"","meta":{"_acf_changed":false,"footnotes":""},"class_list":["post-1213","page","type-page","status-publish","hentry"],"aioseo_notices":[],"acf":[],"_links":{"self":[{"href":"https:\/\/jf-carvoeira.pt\/pt\/wp-json\/wp\/v2\/pages\/1213","targetHints":{"allow":["GET"]}}],"collection":[{"href":"https:\/\/jf-carvoeira.pt\/pt\/wp-json\/wp\/v2\/pages"}],"about":[{"href":"https:\/\/jf-carvoeira.pt\/pt\/wp-json\/wp\/v2\/types\/page"}],"author":[{"embeddable":true,"href":"https:\/\/jf-carvoeira.pt\/pt\/wp-json\/wp\/v2\/users\/1"}],"replies":[{"embeddable":true,"href":"https:\/\/jf-carvoeira.pt\/pt\/wp-json\/wp\/v2\/comments?post=1213"}],"version-history":[{"count":61,"href":"https:\/\/jf-carvoeira.pt\/pt\/wp-json\/wp\/v2\/pages\/1213\/revisions"}],"predecessor-version":[{"id":4324,"href":"https:\/\/jf-carvoeira.pt\/pt\/wp-json\/wp\/v2\/pages\/1213\/revisions\/4324"}],"wp:attachment":[{"href":"https:\/\/jf-carvoeira.pt\/pt\/wp-json\/wp\/v2\/media?parent=1213"}],"curies":[{"name":"wp","href":"https:\/\/api.w.org\/{rel}","templated":true}]}}