{"id":2388,"date":"2025-11-11T10:10:27","date_gmt":"2025-11-11T10:10:27","guid":{"rendered":"https:\/\/jf-carvoeira.pt\/web\/?page_id=2388"},"modified":"2025-12-11T20:06:05","modified_gmt":"2025-12-11T20:06:05","slug":"editais","status":"publish","type":"page","link":"https:\/\/jf-carvoeira.pt\/web\/editais\/","title":{"rendered":"Editais"},"content":{"rendered":"\t\t<div data-elementor-type=\"wp-page\" data-elementor-id=\"2388\" class=\"elementor elementor-2388\">\n\t\t\t\t<div class=\"elementor-element elementor-element-1d4efba e-flex e-con-boxed e-con e-parent\" data-id=\"1d4efba\" data-element_type=\"container\" data-e-type=\"container\">\n\t\t\t\t\t<div class=\"e-con-inner\">\n\t\t\t\t<div class=\"elementor-element elementor-element-842751a elementor-widget elementor-widget-heading\" data-id=\"842751a\" data-element_type=\"widget\" data-e-type=\"widget\" data-widget_type=\"heading.default\">\n\t\t\t\t\t<h2 class=\"elementor-heading-title elementor-size-default\">Editais<\/h2>\t\t\t\t<\/div>\n\t\t\t\t\t<\/div>\n\t\t\t\t<\/div>\n\t\t<div class=\"elementor-element elementor-element-bd99c8b e-flex e-con-boxed e-con e-parent\" data-id=\"bd99c8b\" data-element_type=\"container\" data-e-type=\"container\">\n\t\t\t\t\t<div class=\"e-con-inner\">\n\t\t<div class=\"elementor-element elementor-element-34543d7 e-con-full e-flex e-con e-child\" data-id=\"34543d7\" data-element_type=\"container\" data-e-type=\"container\">\n\t\t\t\t<div class=\"elementor-element elementor-element-161b4f7 elementor-widget elementor-widget-text-editor\" data-id=\"161b4f7\" data-element_type=\"widget\" data-e-type=\"widget\" data-widget_type=\"text-editor.default\">\n\t\t\t\t\t\t\t\t\t<p>Poder\u00e3o ser aqui consultados os seguintes editais j\u00e1 dispon\u00edveis online:<\/p>\t\t\t\t\t\t\t\t<\/div>\n\t\t\t\t<div class=\"elementor-element elementor-element-2e6f44c elementor-widget elementor-widget-heading\" data-id=\"2e6f44c\" data-element_type=\"widget\" data-e-type=\"widget\" data-widget_type=\"heading.default\">\n\t\t\t\t\t<h2 class=\"elementor-heading-title elementor-size-default\">2025<\/h2>\t\t\t\t<\/div>\n\t\t\t\t<div class=\"elementor-element elementor-element-235dfa6 elementor-widget elementor-widget-eael-adv-accordion\" data-id=\"235dfa6\" data-element_type=\"widget\" data-e-type=\"widget\" data-widget_type=\"eael-adv-accordion.default\">\n\t\t\t\t\t            <div class=\"eael-adv-accordion\" id=\"eael-adv-accordion-235dfa6\" data-scroll-on-click=\"no\" data-scroll-speed=\"300\" data-accordion-id=\"235dfa6\" data-accordion-type=\"accordion\" data-toogle-speed=\"300\">\n            <div class=\"eael-accordion-list\">\n\t\t\t\t\t<div id=\"dezembro\" class=\"elementor-tab-title eael-accordion-header active-default\" tabindex=\"0\" data-tab=\"1\" aria-controls=\"elementor-tab-content-3701\"><span class=\"eael-advanced-accordion-icon-closed\"><svg aria-hidden=\"true\" class=\"fa-accordion-icon e-font-icon-svg e-fas-plus\" viewBox=\"0 0 448 512\" xmlns=\"http:\/\/www.w3.org\/2000\/svg\"><path d=\"M416 208H272V64c0-17.67-14.33-32-32-32h-32c-17.67 0-32 14.33-32 32v144H32c-17.67 0-32 14.33-32 32v32c0 17.67 14.33 32 32 32h144v144c0 17.67 14.33 32 32 32h32c17.67 0 32-14.33 32-32V304h144c17.67 0 32-14.33 32-32v-32c0-17.67-14.33-32-32-32z\"><\/path><\/svg><\/span><span class=\"eael-advanced-accordion-icon-opened\"><svg aria-hidden=\"true\" class=\"fa-accordion-icon e-font-icon-svg e-fas-minus\" viewBox=\"0 0 448 512\" xmlns=\"http:\/\/www.w3.org\/2000\/svg\"><path d=\"M416 208H32c-17.67 0-32 14.33-32 32v32c0 17.67 14.33 32 32 32h384c17.67 0 32-14.33 32-32v-32c0-17.67-14.33-32-32-32z\"><\/path><\/svg><\/span><span class=\"eael-accordion-tab-title\">Dezembro<\/span><svg aria-hidden=\"true\" class=\"fa-toggle e-font-icon-svg e-fas-angle-right\" viewBox=\"0 0 256 512\" xmlns=\"http:\/\/www.w3.org\/2000\/svg\"><path d=\"M224.3 273l-136 136c-9.4 9.4-24.6 9.4-33.9 0l-22.6-22.6c-9.4-9.4-9.4-24.6 0-33.9l96.4-96.4-96.4-96.4c-9.4-9.4-9.4-24.6 0-33.9L54.3 103c9.4-9.4 24.6-9.4 33.9 0l136 136c9.5 9.4 9.5 24.6.1 34z\"><\/path><\/svg><\/div><div id=\"elementor-tab-content-3701\" class=\"eael-accordion-content clearfix active-default\" data-tab=\"1\" aria-labelledby=\"dezembro\"><div style=\"display: inline-flex;align-items: center;gap: 5px\">\n<img decoding=\"async\" src=\"https:\/\/jf-carvoeira.pt\/web\/wp-content\/uploads\/2025\/11\/pdf-icon.png\" alt=\"Documento\" \/>\n07\/11\/2025 &#8211;\n<a href=\"https:\/\/jf-carvoeira.pt\/web\/wp-content\/uploads\/2025\/12\/edital-aviso-dia-defesa-nacional-carvoeira.pdf\" target=\"_blank\" rel=\"noopener\">Convoca\u00e7\u00e3o para do Dia da Defesa Nacional<\/a><\/div><\/div>\n\t\t\t\t\t<\/div><div class=\"eael-accordion-list\">\n\t\t\t\t\t<div id=\"novembro\" class=\"elementor-tab-title eael-accordion-header\" tabindex=\"0\" data-tab=\"2\" aria-controls=\"elementor-tab-content-3702\"><span class=\"eael-advanced-accordion-icon-closed\"><svg aria-hidden=\"true\" class=\"fa-accordion-icon e-font-icon-svg e-fas-plus\" viewBox=\"0 0 448 512\" xmlns=\"http:\/\/www.w3.org\/2000\/svg\"><path d=\"M416 208H272V64c0-17.67-14.33-32-32-32h-32c-17.67 0-32 14.33-32 32v144H32c-17.67 0-32 14.33-32 32v32c0 17.67 14.33 32 32 32h144v144c0 17.67 14.33 32 32 32h32c17.67 0 32-14.33 32-32V304h144c17.67 0 32-14.33 32-32v-32c0-17.67-14.33-32-32-32z\"><\/path><\/svg><\/span><span class=\"eael-advanced-accordion-icon-opened\"><svg aria-hidden=\"true\" class=\"fa-accordion-icon e-font-icon-svg e-fas-minus\" viewBox=\"0 0 448 512\" xmlns=\"http:\/\/www.w3.org\/2000\/svg\"><path d=\"M416 208H32c-17.67 0-32 14.33-32 32v32c0 17.67 14.33 32 32 32h384c17.67 0 32-14.33 32-32v-32c0-17.67-14.33-32-32-32z\"><\/path><\/svg><\/span><span class=\"eael-accordion-tab-title\">Novembro<\/span><svg aria-hidden=\"true\" class=\"fa-toggle e-font-icon-svg e-fas-angle-right\" viewBox=\"0 0 256 512\" xmlns=\"http:\/\/www.w3.org\/2000\/svg\"><path d=\"M224.3 273l-136 136c-9.4 9.4-24.6 9.4-33.9 0l-22.6-22.6c-9.4-9.4-9.4-24.6 0-33.9l96.4-96.4-96.4-96.4c-9.4-9.4-9.4-24.6 0-33.9L54.3 103c9.4-9.4 24.6-9.4 33.9 0l136 136c9.5 9.4 9.5 24.6.1 34z\"><\/path><\/svg><\/div><div id=\"elementor-tab-content-3702\" class=\"eael-accordion-content clearfix\" data-tab=\"2\" aria-labelledby=\"novembro\"><div style=\"display: inline-flex;align-items: center;gap: 5px\">\n<img decoding=\"async\" src=\"https:\/\/jf-carvoeira.pt\/web\/wp-content\/uploads\/2025\/11\/pdf-icon.png\" alt=\"Documento\" \/>\n07\/11\/2025 &#8211;\n<a href=\"https:\/\/jf-carvoeira.pt\/web\/wp-content\/uploads\/2025\/11\/edital-delegacao-competencias-sofia-aguiar.pdf\" target=\"_blank\" rel=\"noopener\">Delega\u00e7\u00e3o de Compet\u00eancias na Secret\u00e1ria<\/a><\/div>\n<div style=\"display: inline-flex;align-items: center;gap: 5px\"><img decoding=\"async\" src=\"https:\/\/jf-carvoeira.pt\/web\/wp-content\/uploads\/2025\/11\/pdf-icon.png\" alt=\"Documento\" \/>\n07\/11\/2025 &#8211;\n<a href=\"https:\/\/jf-carvoeira.pt\/web\/wp-content\/uploads\/2025\/11\/edital-delegacao-competencias-nelson-pereira.pdf\" target=\"_blank\" rel=\"noopener\">Delega\u00e7\u00e3o de Compet\u00eancias no Tesoureiro<\/a><\/div><\/div>\n\t\t\t\t\t<\/div><\/div>\t\t\t\t<\/div>\n\t\t\t\t<\/div>\n\t\t<div class=\"elementor-element elementor-element-faf22ae e-con-full e-flex e-con e-child\" data-id=\"faf22ae\" data-element_type=\"container\" data-e-type=\"container\">\n\t\t\t\t<div class=\"elementor-element elementor-element-eb32d1d elementor-widget elementor-widget-image\" data-id=\"eb32d1d\" data-element_type=\"widget\" data-e-type=\"widget\" data-widget_type=\"image.default\">\n\t\t\t\t\t\t\t\t\t\t\t\t\t\t\t<img fetchpriority=\"high\" decoding=\"async\" width=\"640\" height=\"480\" src=\"https:\/\/jf-carvoeira.pt\/web\/wp-content\/uploads\/2025\/10\/Design-sem-nome.jpg\" class=\"attachment-large size-large wp-image-2261\" alt=\"Junta de Freguesia da Carvoeira - Mafra\" srcset=\"https:\/\/jf-carvoeira.pt\/web\/wp-content\/uploads\/2025\/10\/Design-sem-nome.jpg 800w, https:\/\/jf-carvoeira.pt\/web\/wp-content\/uploads\/2025\/10\/Design-sem-nome-300x225.jpg 300w, https:\/\/jf-carvoeira.pt\/web\/wp-content\/uploads\/2025\/10\/Design-sem-nome-768x576.jpg 768w\" sizes=\"(max-width: 640px) 100vw, 640px\" \/>\t\t\t\t\t\t\t\t\t\t\t\t\t\t\t<\/div>\n\t\t\t\t<\/div>\n\t\t\t\t\t<\/div>\n\t\t\t\t<\/div>\n\t\t<div class=\"elementor-element elementor-element-3f37d5d e-flex e-con-boxed e-con e-parent\" data-id=\"3f37d5d\" data-element_type=\"container\" data-e-type=\"container\">\n\t\t\t\t\t<div class=\"e-con-inner\">\n\t\t\t\t<div class=\"elementor-element elementor-element-9b99022 elementor-widget elementor-widget-spacer\" data-id=\"9b99022\" data-element_type=\"widget\" data-e-type=\"widget\" data-widget_type=\"spacer.default\">\n\t\t\t\t\t\t\t<div class=\"elementor-spacer\">\n\t\t\t<div class=\"elementor-spacer-inner\"><\/div>\n\t\t<\/div>\n\t\t\t\t\t\t<\/div>\n\t\t\t\t\t<\/div>\n\t\t\t\t<\/div>\n\t\t\t\t<\/div>\n\t\t","protected":false},"excerpt":{"rendered":"<p>Editais Poder\u00e3o ser aqui consultados os seguintes editais j\u00e1 dispon\u00edveis online: 2025 Dezembro 07\/11\/2025 &#8211; Convoca\u00e7\u00e3o para do Dia da Defesa Nacional Novembro 07\/11\/2025 &#8211; Delega\u00e7\u00e3o de Compet\u00eancias na Secret\u00e1ria 07\/11\/2025 &#8211; Delega\u00e7\u00e3o de Compet\u00eancias no Tesoureiro<\/p>\n","protected":false},"author":1,"featured_media":0,"parent":0,"menu_order":0,"comment_status":"closed","ping_status":"closed","template":"elementor_canvas","meta":{"footnotes":""},"class_list":["post-2388","page","type-page","status-publish","hentry"],"_links":{"self":[{"href":"https:\/\/jf-carvoeira.pt\/web\/wp-json\/wp\/v2\/pages\/2388","targetHints":{"allow":["GET"]}}],"collection":[{"href":"https:\/\/jf-carvoeira.pt\/web\/wp-json\/wp\/v2\/pages"}],"about":[{"href":"https:\/\/jf-carvoeira.pt\/web\/wp-json\/wp\/v2\/types\/page"}],"author":[{"embeddable":true,"href":"https:\/\/jf-carvoeira.pt\/web\/wp-json\/wp\/v2\/users\/1"}],"replies":[{"embeddable":true,"href":"https:\/\/jf-carvoeira.pt\/web\/wp-json\/wp\/v2\/comments?post=2388"}],"version-history":[{"count":73,"href":"https:\/\/jf-carvoeira.pt\/web\/wp-json\/wp\/v2\/pages\/2388\/revisions"}],"predecessor-version":[{"id":3185,"href":"https:\/\/jf-carvoeira.pt\/web\/wp-json\/wp\/v2\/pages\/2388\/revisions\/3185"}],"wp:attachment":[{"href":"https:\/\/jf-carvoeira.pt\/web\/wp-json\/wp\/v2\/media?parent=2388"}],"curies":[{"name":"wp","href":"https:\/\/api.w.org\/{rel}","templated":true}]}}